{"id":2568,"date":"2017-06-19T12:31:17","date_gmt":"2017-06-19T10:31:17","guid":{"rendered":"https:\/\/www.lepassioni.it\/?page_id=2568\/"},"modified":"2021-07-12T18:13:38","modified_gmt":"2021-07-12T16:13:38","slug":"ueber-uns","status":"publish","type":"page","link":"https:\/\/www.lepassioni.it\/de\/ueber-uns\/","title":{"rendered":"\u00dcber uns"},"content":{"rendered":"<div class=\"wpb-content-wrapper\"><p>[vc_row row_height_percent=&#8220;0&#8243; overlay_alpha=&#8220;50&#8243; gutter_size=&#8220;3&#8243; column_width_percent=&#8220;100&#8243; shift_y=&#8220;0&#8243; z_index=&#8220;0&#8243; full_width=&#8220;stretch_row_content&#8220; css=&#8220;.vc_custom_1624367804507{margin-top: 0px !important;padding-top: 0px !important;background: #f5f3ef url(https:\/\/www.lepassioni.it\/wp-content\/uploads\/2016\/08\/AziendaAgricolaRepeleLucia.jpg?id=2074) !important;background-position: center !important;background-repeat: no-repeat !important;background-size: cover !important;}&#8220;][vc_column css=&#8220;.vc_custom_1489154249495{margin-top: 0px !important;margin-bottom: 0px !important;padding-top: 0px !important;}&#8220;][vc_row_inner content_placement=&#8220;middle&#8220; css=&#8220;.vc_custom_1489154152971{margin-top: 0px !important;margin-bottom: 0px !important;}&#8220;][vc_column_inner width=&#8220;1\/3&#8243; css=&#8220;.vc_custom_1489153915854{margin-bottom: 0px !important;}&#8220;][\/vc_column_inner][vc_column_inner width=&#8220;1\/3&#8243;][\/vc_column_inner][vc_column_inner width=&#8220;1\/3&#8243; css=&#8220;.vc_custom_1489154695364{margin-top: 100px !important;margin-right: 20px !important;margin-bottom: 100px !important;margin-left: 20px !important;padding-top: 30px !important;padding-right: 30px !important;padding-bottom: 30px !important;padding-left: 30px !important;background-color: rgba(0,0,0,0.35) !important;*background-color: rgb(0,0,0) !important;}&#8220;][vc_custom_heading text_font=&#8220;font-459138&#8243; text_weight=&#8220;500&#8243; text_color=&#8220;color-xsdn&#8220; text=&#8220;Brilla qui primavera, qui fiori svariati riversa lungo i fiumi la terra, qui il candido pioppo l\u2019antro sovrasta e le viti ritorte intessono ombrosi ripari (\u2026)&#8220; font_container=&#8220;tag:p|font_size:21|text_align:left|color:%23ffffff&#8220; use_theme_fonts=&#8220;&#8220; google_fonts=&#8220;font_family:Libre%20Baskerville%3Aregular%2Citalic%2C700|font_style:400%20italic%3A400%3Aitalic&#8220; font_weight=&#8220;&#8220;]Brilla qui primavera, qui fiori svariati riversa lungo i fiumi la terra, qui il candido pioppo l\u2019antro sovrasta e le viti ritorte intessono ombrosi ripari (\u2026)[\/vc_custom_heading][vc_column_text css=&#8220;.vc_custom_1489154727898{margin-top: 0px !important;margin-bottom: 0px !important;}&#8220;]<small style=\"color: #fff;\">Virgilio &#8211; Bucoliche, IX, 40-42<\/small><br \/>\n[\/vc_column_text][\/vc_column_inner][\/vc_row_inner][\/vc_column][\/vc_row][vc_row row_height_percent=&#8220;0&#8243; overlay_alpha=&#8220;50&#8243; gutter_size=&#8220;3&#8243; column_width_percent=&#8220;100&#8243; shift_y=&#8220;0&#8243; z_index=&#8220;0&#8243; el_id=&#8220;products&#8220;][vc_column][vc_row_inner][vc_column_inner width=&#8220;1\/3&#8243;][\/vc_column_inner][vc_column_inner width=&#8220;1\/3&#8243;][vc_custom_heading heading_semantic=&#8220;h1&#8243; text_font=&#8220;font-459138&#8243; text_size=&#8220;h1&#8243; text_weight=&#8220;500&#8243; text_color=&#8220;color-vyce&#8220;]Unsere Bio-Produkte[\/vc_custom_heading][vc_separator sep_color=&#8220;color-vyce&#8220; icon=&#8220;fa fa-sun-o&#8220;][\/vc_column_inner][vc_column_inner width=&#8220;1\/3&#8243;][\/vc_column_inner][\/vc_row_inner][vc_row_inner css=&#8220;.vc_custom_1478620838372{margin-bottom: 100px !important;}&#8220;][vc_column_inner column_width_percent=&#8220;100&#8243; align_horizontal=&#8220;align_center&#8220; gutter_size=&#8220;3&#8243; overlay_alpha=&#8220;50&#8243; shift_x=&#8220;0&#8243; shift_y=&#8220;0&#8243; shift_y_down=&#8220;0&#8243; z_index=&#8220;0&#8243; medium_width=&#8220;0&#8243; mobile_width=&#8220;0&#8243; width=&#8220;1\/3&#8243;][vc_single_image media_width_percent=&#8220;60&#8243; alignment=&#8220;center&#8220; image=&#8220;2795&#8243; img_size=&#8220;medium&#8220;][vc_custom_heading text_size=&#8220;h3&#8243; text=&#8220;Natives \u00d6l&#8220; font_container=&#8220;tag:h3|text_align:center&#8220; font_weight=&#8220;&#8220;]Natives \u00d6l[\/vc_custom_heading][vc_column_text]Unser Familienunternehmen produziert das native Oliven\u00f6l aus biologischen Oliven \u201cLe Passioni\u201d durch unsere 1500 Olivenhainen.<br \/>\nUnser \u00d6l wurde von der Slow Food Zeitschrift \u201cOliven\u00f6l extra vergine\u201d rezensiert.<br \/>\nUnser \u00d6l steht f\u00fcr anspruchvolle Anwender in ausgew\u00e4hlten Restaurants zur Verf\u00fcgung.<\/p>\n<p>[\/vc_column_text][\/vc_column_inner][vc_column_inner column_width_percent=&#8220;100&#8243; align_horizontal=&#8220;align_center&#8220; gutter_size=&#8220;3&#8243; overlay_alpha=&#8220;50&#8243; shift_x=&#8220;0&#8243; shift_y=&#8220;0&#8243; shift_y_down=&#8220;0&#8243; z_index=&#8220;0&#8243; medium_width=&#8220;0&#8243; mobile_width=&#8220;0&#8243; width=&#8220;1\/3&#8243;][vc_single_image media_width_percent=&#8220;60&#8243; alignment=&#8220;center&#8220; image=&#8220;2787&#8243; img_size=&#8220;medium&#8220;][vc_custom_heading text=&#8220;Ciliegie&#8220; font_container=&#8220;tag:h3|text_align:center&#8220; font_weight=&#8220;&#8220;]Ciliegie[\/vc_custom_heading][vc_column_text]Die Kirschg\u00e4rten bieten im Fr\u00fchjahr Landschaften wie die bl\u00fchenden Wolken und die Fr\u00fcchte k\u00f6nnen im Sommer direkt aus der Pflanze genossen werden.<\/p>\n<p>[\/vc_column_text][\/vc_column_inner][vc_column_inner column_width_percent=&#8220;100&#8243; align_horizontal=&#8220;align_center&#8220; gutter_size=&#8220;3&#8243; overlay_alpha=&#8220;50&#8243; shift_x=&#8220;0&#8243; shift_y=&#8220;0&#8243; shift_y_down=&#8220;0&#8243; z_index=&#8220;0&#8243; medium_width=&#8220;0&#8243; mobile_width=&#8220;0&#8243; width=&#8220;1\/3&#8243;][vc_single_image media_width_percent=&#8220;60&#8243; alignment=&#8220;center&#8220; image=&#8220;2791&#8243; img_size=&#8220;medium&#8220;][vc_custom_heading text=&#8220;Ciliegie&#8220; font_container=&#8220;tag:h3|text_align:center&#8220; font_weight=&#8220;&#8220;]Verdura di stagione[\/vc_custom_heading][vc_column_text]Wichtig ist, zu wissen, die Produkte aus unserem Bio-Garten k\u00f6nnen nur in unserem Betrieb erworben werden. Das ist nat\u00fcrlich eine Garantie der G\u00fcte und Echtheit unseren Produkte. Wir wachsen Zucchini, lila und wei\u00dfe Auberginen, K\u00fcrbisse, Tomaten, Dattel, Blumenkohl und frische Salate.<br \/>\nDie Kartoffeln aus Monte Faldo sind eine wertvolle geb\u00fcrtige Wurzelknolle und durch die St\u00fcckelung De.Co gesch\u00fctzt.[\/vc_column_text][\/vc_column_inner][\/vc_row_inner][\/vc_column][\/vc_row][vc_row][vc_column width=&#8220;1\/1&#8243;][vc_row_inner][vc_column_inner width=&#8220;1\/3&#8243;][\/vc_column_inner][vc_column_inner column_width_percent=&#8220;100&#8243; align_horizontal=&#8220;align_center&#8220; gutter_size=&#8220;3&#8243; overlay_alpha=&#8220;50&#8243; shift_x=&#8220;0&#8243; shift_y=&#8220;0&#8243; shift_y_down=&#8220;0&#8243; z_index=&#8220;0&#8243; medium_width=&#8220;0&#8243; mobile_width=&#8220;0&#8243; width=&#8220;1\/3&#8243;][vc_custom_heading heading_semantic=&#8220;h3&#8243; text_font=&#8220;font-459138&#8243; text_size=&#8220;h1&#8243; text_weight=&#8220;500&#8243; text_color=&#8220;color-vyce&#8220;]Natives \u00d6l[\/vc_custom_heading][vc_separator sep_color=&#8220;color-vyce&#8220; icon=&#8220;fa fa-sun-o&#8220;][\/vc_column_inner][vc_column_inner width=&#8220;1\/3&#8243;][\/vc_column_inner][\/vc_row_inner][vc_row_inner][vc_column_inner column_width_percent=&#8220;100&#8243; position_vertical=&#8220;middle&#8220; gutter_size=&#8220;3&#8243; overlay_alpha=&#8220;50&#8243; shift_x=&#8220;0&#8243; shift_y=&#8220;0&#8243; shift_y_down=&#8220;0&#8243; z_index=&#8220;0&#8243; medium_width=&#8220;0&#8243; mobile_width=&#8220;0&#8243; width=&#8220;1\/2&#8243;][vc_column_text][\/vc_column_text][\/vc_column_inner][vc_column_inner width=&#8220;1\/2&#8243;][vc_single_image image=&#8220;2098&#8243; img_size=&#8220;full&#8220;][\/vc_column_inner][\/vc_row_inner][\/vc_column][\/vc_row][vc_row full_width=&#8220;stretch_row&#8220; css=&#8220;.vc_custom_1497350669995{padding-top: 100px !important;padding-bottom: 125px !important;background-color: #f5f3f0 !important;}&#8220; el_class=&#8220;product-prizes&#8220;][vc_column][vc_row_inner][vc_column_inner width=&#8220;1\/3&#8243;][insight_title separator_enable=&#8220;yes&#8220; title=&#8220;I nostri riconoscimenti&#8220;][\/vc_column_inner][vc_column_inner column_width_percent=&#8220;100&#8243; align_horizontal=&#8220;align_center&#8220; gutter_size=&#8220;3&#8243; overlay_alpha=&#8220;50&#8243; shift_x=&#8220;0&#8243; shift_y=&#8220;0&#8243; shift_y_down=&#8220;0&#8243; z_index=&#8220;0&#8243; medium_width=&#8220;0&#8243; mobile_width=&#8220;0&#8243; width=&#8220;1\/3&#8243;][vc_custom_heading heading_semantic=&#8220;h3&#8243; text_font=&#8220;font-459138&#8243; text_size=&#8220;h1&#8243; text_weight=&#8220;500&#8243; text_color=&#8220;color-vyce&#8220;]Unsere Auszeichnungen[\/vc_custom_heading][vc_separator sep_color=&#8220;color-vyce&#8220; icon=&#8220;fa fa-sun-o&#8220;][\/vc_column_inner][vc_column_inner width=&#8220;1\/3&#8243;][\/vc_column_inner][\/vc_row_inner][vc_row_inner][vc_column_inner width=&#8220;1\/4&#8243;][\/vc_column_inner][vc_column_inner width=&#8220;1\/4&#8243;][vc_icon position=&#8220;left&#8220; icon_image=&#8220;64&#8243; media_size=&#8220;140&#8243; text_size=&#8220;h4&#8243; title=&#8220;Gambero Rosso 2018&#8243;]Inserito nella guida con 3 foglie[\/vc_icon][\/vc_column_inner][vc_column_inner width=&#8220;1\/4&#8243;][vc_icon position=&#8220;left&#8220; icon_image=&#8220;63&#8243; media_size=&#8220;140&#8243; text_size=&#8220;h4&#8243; title=&#8220;AIPO d&#8217;Argento 2018&#8243;]1\u00b0 Classificato nella categoria Fruttato Leggero[\/vc_icon][\/vc_column_inner][vc_column_inner width=&#8220;1\/4&#8243;][\/vc_column_inner][\/vc_row_inner][vc_row_inner][vc_column_inner width=&#8220;1\/3&#8243;][vc_icon position=&#8220;left&#8220; icon_image=&#8220;63&#8243; media_size=&#8220;140&#8243; text_size=&#8220;h4&#8243; title=&#8220;AIPO d&#8217;Argento 2017&#8243;]2\u00b0 Classificato nella categoria Fruttato Medio[\/vc_icon][\/vc_column_inner][vc_column_inner width=&#8220;1\/3&#8243;][vc_icon position=&#8220;left&#8220; icon_image=&#8220;2307&#8243; media_size=&#8220;140&#8243; text_size=&#8220;h4&#8243; title=&#8220;Selezionato da Slow Food Italia&#8220;]Per il \u201cProgetto Olio 2016 \u2013 2017\u201d[\/vc_icon][\/vc_column_inner][vc_column_inner width=&#8220;1\/3&#8243;][vc_icon position=&#8220;left&#8220; icon_image=&#8220;2302&#8243; media_size=&#8220;140&#8243; text_size=&#8220;h4&#8243; title=&#8220;AIPO d&#8217;Argento 2016&#8243;]3\u00b0 Classificato nella categoria Fruttato Medio[\/vc_icon][\/vc_column_inner][\/vc_row_inner][vc_row_inner][vc_column_inner width=&#8220;1\/3&#8243;][vc_icon position=&#8220;left&#8220; icon_image=&#8220;2304&#8243; media_size=&#8220;140&#8243; text_size=&#8220;h4&#8243; title=&#8220;AIPO d&#8217;Argento 2016&#8243;]Certificato di merito nella categoria Fruttato Medio[\/vc_icon][\/vc_column_inner][vc_column_inner width=&#8220;1\/3&#8243;][vc_icon position=&#8220;left&#8220; icon_image=&#8220;2305&#8243; media_size=&#8220;140&#8243; text_size=&#8220;h4&#8243; title=&#8220;AIPO d&#8217;Argento 2016&#8243;]Certificato di merito nella categoria Fruttato Medio[\/vc_icon][\/vc_column_inner][vc_column_inner width=&#8220;1\/3&#8243;][vc_icon position=&#8220;left&#8220; icon_image=&#8220;2306&#8243; media_size=&#8220;140&#8243; text_size=&#8220;h4&#8243; title=&#8220;Certificato di distinzione&#8220;]Rilasciato nell\u2019anno 2015 dal consorzio di tutela Olio extravergine di oliva Veneto[\/vc_icon][\/vc_column_inner][\/vc_row_inner][vc_row_inner][vc_column_inner width=&#8220;1\/3&#8243;][vc_icon position=&#8220;left&#8220; icon_image=&#8220;2301&#8243; media_size=&#8220;140&#8243; text_size=&#8220;h4&#8243; title=&#8220;Slow Food Editore&#8220;]Pubblicato nella guida agli extravergini 2016[\/vc_icon][\/vc_column_inner][vc_column_inner width=&#8220;1\/3&#8243;][vc_icon position=&#8220;left&#8220; icon_image=&#8220;2300&#8243; media_size=&#8220;140&#8243; text_size=&#8220;h4&#8243; title=&#8220;Slow Food Editore&#8220;]Pubblicato nella guida agli extravergini 2015[\/vc_icon][\/vc_column_inner][vc_column_inner width=&#8220;1\/3&#8243;][vc_icon position=&#8220;left&#8220; icon_image=&#8220;2299&#8243; media_size=&#8220;140&#8243; text_size=&#8220;h4&#8243; title=&#8220;Slow Food Editore&#8220;]Pubblicato nella guida agli extravergini 2014[\/vc_icon][\/vc_column_inner][\/vc_row_inner][\/vc_column][\/vc_row]<\/p>\n<\/div>","protected":false},"excerpt":{"rendered":"<p>[vc_row row_height_percent=&#8220;0&#8243; overlay_alpha=&#8220;50&#8243; gutter_size=&#8220;3&#8243; column_width_percent=&#8220;100&#8243; shift_y=&#8220;0&#8243; z_index=&#8220;0&#8243; full_width=&#8220;stretch_row_content&#8220; css=&#8220;.vc_custom_1624367804507{margin-top: 0px !important;padding-top: 0px !important;background: #f5f3ef url(https:\/\/www.lepassioni.it\/wp-content\/uploads\/2016\/08\/AziendaAgricolaRepeleLucia.jpg?id=2074) !important;background-position: center !important;background-repeat: no-repeat !important;background-size: [&hellip;]<\/p>\n","protected":false},"author":2,"featured_media":0,"parent":0,"menu_order":0,"comment_status":"closed","ping_status":"closed","template":"","meta":{"footnotes":""},"class_list":["post-2568","page","type-page","status-publish","hentry"],"yoast_head":"<!-- This site is optimized with the Yoast SEO plugin v24.0 - https:\/\/yoast.com\/wordpress\/plugins\/seo\/ -->\n<title>\u00dcber uns - Olio biologico, Vendita Olio biologico, E-commerce Olio Biologico - Le Passioni<\/title>\n<meta name=\"robots\" content=\"index, follow, max-snippet:-1, max-image-preview:large, max-video-preview:-1\" \/>\n<link rel=\"canonical\" href=\"https:\/\/www.lepassioni.it\/de\/ueber-uns\/\" \/>\n<meta property=\"og:locale\" content=\"de_DE\" \/>\n<meta property=\"og:type\" content=\"article\" \/>\n<meta property=\"og:title\" content=\"\u00dcber uns - Olio biologico, Vendita Olio biologico, E-commerce Olio Biologico - Le Passioni\" \/>\n<meta property=\"og:description\" content=\"[vc_row row_height_percent=&#8220;0&#8243; overlay_alpha=&#8220;50&#8243; gutter_size=&#8220;3&#8243; column_width_percent=&#8220;100&#8243; shift_y=&#8220;0&#8243; z_index=&#8220;0&#8243; full_width=&#8220;stretch_row_content&#8220; css=&#8220;.vc_custom_1624367804507{margin-top: 0px !important;padding-top: 0px !important;background: #f5f3ef url(https:\/\/www.lepassioni.it\/wp-content\/uploads\/2016\/08\/AziendaAgricolaRepeleLucia.jpg?id=2074) !important;background-position: center !important;background-repeat: no-repeat !important;background-size: [&hellip;]\" \/>\n<meta property=\"og:url\" content=\"https:\/\/www.lepassioni.it\/de\/ueber-uns\/\" \/>\n<meta property=\"og:site_name\" content=\"Olio biologico, Vendita Olio biologico, E-commerce Olio Biologico - Le Passioni\" \/>\n<meta property=\"article:modified_time\" content=\"2021-07-12T16:13:38+00:00\" \/>\n<meta name=\"twitter:card\" content=\"summary_large_image\" \/>\n<meta name=\"twitter:label1\" content=\"Gesch\u00e4tzte Lesezeit\" \/>\n\t<meta name=\"twitter:data1\" content=\"7\u00a0Minuten\" \/>\n<script type=\"application\/ld+json\" class=\"yoast-schema-graph\">{\"@context\":\"https:\/\/schema.org\",\"@graph\":[{\"@type\":\"WebPage\",\"@id\":\"https:\/\/www.lepassioni.it\/de\/ueber-uns\/\",\"url\":\"https:\/\/www.lepassioni.it\/de\/ueber-uns\/\",\"name\":\"\u00dcber uns - Olio biologico, Vendita Olio biologico, E-commerce Olio Biologico - Le Passioni\",\"isPartOf\":{\"@id\":\"https:\/\/www.lepassioni.it\/#website\"},\"datePublished\":\"2017-06-19T10:31:17+00:00\",\"dateModified\":\"2021-07-12T16:13:38+00:00\",\"breadcrumb\":{\"@id\":\"https:\/\/www.lepassioni.it\/de\/ueber-uns\/#breadcrumb\"},\"inLanguage\":\"de\",\"potentialAction\":[{\"@type\":\"ReadAction\",\"target\":[\"https:\/\/www.lepassioni.it\/de\/ueber-uns\/\"]}]},{\"@type\":\"BreadcrumbList\",\"@id\":\"https:\/\/www.lepassioni.it\/de\/ueber-uns\/#breadcrumb\",\"itemListElement\":[{\"@type\":\"ListItem\",\"position\":1,\"name\":\"Home\",\"item\":\"https:\/\/www.lepassioni.it\/de\/\"},{\"@type\":\"ListItem\",\"position\":2,\"name\":\"\u00dcber uns\"}]},{\"@type\":\"WebSite\",\"@id\":\"https:\/\/www.lepassioni.it\/#website\",\"url\":\"https:\/\/www.lepassioni.it\/\",\"name\":\"Olio biologico, Vendita Olio biologico, E-commerce Olio Biologico - Le Passioni\",\"description\":\"\",\"potentialAction\":[{\"@type\":\"SearchAction\",\"target\":{\"@type\":\"EntryPoint\",\"urlTemplate\":\"https:\/\/www.lepassioni.it\/?s={search_term_string}\"},\"query-input\":{\"@type\":\"PropertyValueSpecification\",\"valueRequired\":true,\"valueName\":\"search_term_string\"}}],\"inLanguage\":\"de\"}]}<\/script>\n<!-- \/ Yoast SEO plugin. -->","yoast_head_json":{"title":"\u00dcber uns - Olio biologico, Vendita Olio biologico, E-commerce Olio Biologico - Le Passioni","robots":{"index":"index","follow":"follow","max-snippet":"max-snippet:-1","max-image-preview":"max-image-preview:large","max-video-preview":"max-video-preview:-1"},"canonical":"https:\/\/www.lepassioni.it\/de\/ueber-uns\/","og_locale":"de_DE","og_type":"article","og_title":"\u00dcber uns - Olio biologico, Vendita Olio biologico, E-commerce Olio Biologico - Le Passioni","og_description":"[vc_row row_height_percent=&#8220;0&#8243; overlay_alpha=&#8220;50&#8243; gutter_size=&#8220;3&#8243; column_width_percent=&#8220;100&#8243; shift_y=&#8220;0&#8243; z_index=&#8220;0&#8243; full_width=&#8220;stretch_row_content&#8220; css=&#8220;.vc_custom_1624367804507{margin-top: 0px !important;padding-top: 0px !important;background: #f5f3ef url(https:\/\/www.lepassioni.it\/wp-content\/uploads\/2016\/08\/AziendaAgricolaRepeleLucia.jpg?id=2074) !important;background-position: center !important;background-repeat: no-repeat !important;background-size: [&hellip;]","og_url":"https:\/\/www.lepassioni.it\/de\/ueber-uns\/","og_site_name":"Olio biologico, Vendita Olio biologico, E-commerce Olio Biologico - Le Passioni","article_modified_time":"2021-07-12T16:13:38+00:00","twitter_card":"summary_large_image","twitter_misc":{"Gesch\u00e4tzte Lesezeit":"7\u00a0Minuten"},"schema":{"@context":"https:\/\/schema.org","@graph":[{"@type":"WebPage","@id":"https:\/\/www.lepassioni.it\/de\/ueber-uns\/","url":"https:\/\/www.lepassioni.it\/de\/ueber-uns\/","name":"\u00dcber uns - Olio biologico, Vendita Olio biologico, E-commerce Olio Biologico - Le Passioni","isPartOf":{"@id":"https:\/\/www.lepassioni.it\/#website"},"datePublished":"2017-06-19T10:31:17+00:00","dateModified":"2021-07-12T16:13:38+00:00","breadcrumb":{"@id":"https:\/\/www.lepassioni.it\/de\/ueber-uns\/#breadcrumb"},"inLanguage":"de","potentialAction":[{"@type":"ReadAction","target":["https:\/\/www.lepassioni.it\/de\/ueber-uns\/"]}]},{"@type":"BreadcrumbList","@id":"https:\/\/www.lepassioni.it\/de\/ueber-uns\/#breadcrumb","itemListElement":[{"@type":"ListItem","position":1,"name":"Home","item":"https:\/\/www.lepassioni.it\/de\/"},{"@type":"ListItem","position":2,"name":"\u00dcber uns"}]},{"@type":"WebSite","@id":"https:\/\/www.lepassioni.it\/#website","url":"https:\/\/www.lepassioni.it\/","name":"Olio biologico, Vendita Olio biologico, E-commerce Olio Biologico - Le Passioni","description":"","potentialAction":[{"@type":"SearchAction","target":{"@type":"EntryPoint","urlTemplate":"https:\/\/www.lepassioni.it\/?s={search_term_string}"},"query-input":{"@type":"PropertyValueSpecification","valueRequired":true,"valueName":"search_term_string"}}],"inLanguage":"de"}]}},"_links":{"self":[{"href":"https:\/\/www.lepassioni.it\/de\/wp-json\/wp\/v2\/pages\/2568","targetHints":{"allow":["GET"]}}],"collection":[{"href":"https:\/\/www.lepassioni.it\/de\/wp-json\/wp\/v2\/pages"}],"about":[{"href":"https:\/\/www.lepassioni.it\/de\/wp-json\/wp\/v2\/types\/page"}],"author":[{"embeddable":true,"href":"https:\/\/www.lepassioni.it\/de\/wp-json\/wp\/v2\/users\/2"}],"replies":[{"embeddable":true,"href":"https:\/\/www.lepassioni.it\/de\/wp-json\/wp\/v2\/comments?post=2568"}],"version-history":[{"count":3,"href":"https:\/\/www.lepassioni.it\/de\/wp-json\/wp\/v2\/pages\/2568\/revisions"}],"predecessor-version":[{"id":4646,"href":"https:\/\/www.lepassioni.it\/de\/wp-json\/wp\/v2\/pages\/2568\/revisions\/4646"}],"wp:attachment":[{"href":"https:\/\/www.lepassioni.it\/de\/wp-json\/wp\/v2\/media?parent=2568"}],"curies":[{"name":"wp","href":"https:\/\/api.w.org\/{rel}","templated":true}]}}